{"id":10830,"date":"2025-09-09T12:10:34","date_gmt":"2025-09-09T10:10:34","guid":{"rendered":"https:\/\/hidalgofestival.de\/?post_type=speaker&#038;p=10830"},"modified":"2025-09-09T12:14:20","modified_gmt":"2025-09-09T10:14:20","slug":"matteo-carvone","status":"publish","type":"speaker","link":"https:\/\/hidalgofestival.de\/en\/speaker\/matteo-carvone\/","title":{"rendered":"Matteo Carvone"},"content":{"rendered":"<p><strong>Matteo Carvone \u2013 Choreografie<\/strong><\/p>\n<p>geboren in Triest und seit 2012 in M\u00fcnchen ans\u00e4ssig, wurde am DanceHaus in Mailand unter der Leitung von Susanna Beltrami ausgebildet. Als T\u00e4nzer arbeitete er mit Kompanien wie La Compagnia dell\u2019Accademia Nazionale di Danza in Rom, dem Staatstheater am G\u00e4rtnerplatz in M\u00fcnchen und Jo Str\u00f8mgren Kompani in Oslo zusammen. Seine k\u00fcnstlerische Stimme wurde durch Auftritte in Werken von William Forsythe, Alexander Ekman, Marco Goecke, Jo Str\u00f8mgren, Michael Keegan-Dolan, Erna \u00d3marsd\u00f3ttir, Emanuel Gat, Ismael Ivo, Wayne McGregor, Robyn Orlin, Karl Alfred Schreiner und vielen anderen gepr\u00e4gt. Als Choreograf wurden seine Werke bei der Biennale in Venedig, in der Gasteig Philharmonie, bei HP8 und an der Bayerischen Staatsoper pr\u00e4sentiert. Neben seinen Kreationen f\u00fcr die B\u00fchne hat er auch als Regieassistent und Choreograf an Opernproduktionen mitgewirkt, darunter Orpheus von Georg Philipp Telemann am Drottningholms Slottsteater (Regie: Elena Barbalich), Wagners Tannh\u00e4user f\u00fcr die Niki-Kai Opera in Tokio und Die Meistersinger von N\u00fcrnberg an der Wiener Staatsoper, beide unter der Regie von Keith Warner.<\/p>\n<p>Foto: Andrea Avezz\u00f9<br \/>\n(Stand: 2025)<\/p>\n","protected":false},"excerpt":{"rendered":"<p>Matteo Carvone \u2013 Choreografie geboren in Triest und seit 2012 in M\u00fcnchen ans\u00e4ssig, wurde am DanceHaus in Mailand unter der Leitung von Susanna Beltrami ausgebildet. Als T\u00e4nzer arbeitete er mit Kompanien wie La Compagnia dell\u2019Accademia Nazionale di Danza in Rom,&#8230;<\/p>\n","protected":false},"author":4,"featured_media":10831,"comment_status":"closed","ping_status":"closed","template":"","meta":{"footnotes":""},"speaker-category":[5,23,161,149],"speaker-tags":[],"location":[],"class_list":["post-10830","speaker","type-speaker","status-publish","has-post-thumbnail","hentry","speaker-category-artist","speaker-category-kollektiv","speaker-category-2025-zeitenraeume","speaker-category-25_chair"],"yoast_head":"<!-- This site is optimized with the Yoast SEO plugin v27.2 - https:\/\/yoast.com\/product\/yoast-seo-wordpress\/ -->\n<title>Matteo Carvone - HIDALGO<\/title>\n<meta name=\"description\" content=\"Matteo Carvone arbeitet als T\u00e4nzer und Choreograf und ist Mitglied im HIDALGO Kollektiv.\" \/>\n<meta name=\"robots\" content=\"index, follow, max-snippet:-1, max-image-preview:large, max-video-preview:-1\" \/>\n<link rel=\"canonical\" href=\"https:\/\/hidalgofestival.de\/en\/speaker\/matteo-carvone\/\" \/>\n<meta property=\"og:locale\" content=\"en_US\" \/>\n<meta property=\"og:type\" content=\"article\" \/>\n<meta property=\"og:title\" content=\"Matteo Carvone - HIDALGO\" \/>\n<meta property=\"og:description\" content=\"Matteo Carvone arbeitet als T\u00e4nzer und Choreograf und ist Mitglied im HIDALGO Kollektiv.\" \/>\n<meta property=\"og:url\" content=\"https:\/\/hidalgofestival.de\/en\/speaker\/matteo-carvone\/\" \/>\n<meta property=\"og:site_name\" content=\"HIDALGO\" \/>\n<meta property=\"article:modified_time\" content=\"2025-09-09T10:14:20+00:00\" \/>\n<meta property=\"og:image\" content=\"https:\/\/hidalgofestival.de\/wp-content\/uploads\/2025\/09\/5.Matteo_Carvone_Portrait_-\u00a9-Andrea-Avezzu.jpg\" \/>\n\t<meta property=\"og:image:width\" content=\"1542\" \/>\n\t<meta property=\"og:image:height\" content=\"2117\" \/>\n\t<meta property=\"og:image:type\" content=\"image\/jpeg\" \/>\n<meta name=\"twitter:card\" content=\"summary_large_image\" \/>\n<meta name=\"twitter:label1\" content=\"Est. reading time\" \/>\n\t<meta name=\"twitter:data1\" content=\"1 minute\" \/>\n<script type=\"application\/ld+json\" class=\"yoast-schema-graph\">{\"@context\":\"https:\/\/schema.org\",\"@graph\":[{\"@type\":\"WebPage\",\"@id\":\"https:\/\/hidalgofestival.de\/en\/speaker\/matteo-carvone\/\",\"url\":\"https:\/\/hidalgofestival.de\/en\/speaker\/matteo-carvone\/\",\"name\":\"Matteo Carvone - HIDALGO\",\"isPartOf\":{\"@id\":\"https:\/\/hidalgofestival.de\/en\/#website\"},\"primaryImageOfPage\":{\"@id\":\"https:\/\/hidalgofestival.de\/en\/speaker\/matteo-carvone\/#primaryimage\"},\"image\":{\"@id\":\"https:\/\/hidalgofestival.de\/en\/speaker\/matteo-carvone\/#primaryimage\"},\"thumbnailUrl\":\"https:\/\/hidalgofestival.de\/wp-content\/uploads\/2025\/09\/5.Matteo_Carvone_Portrait_-\u00a9-Andrea-Avezzu.jpg\",\"datePublished\":\"2025-09-09T10:10:34+00:00\",\"dateModified\":\"2025-09-09T10:14:20+00:00\",\"description\":\"Matteo Carvone arbeitet als T\u00e4nzer und Choreograf und ist Mitglied im HIDALGO Kollektiv.\",\"breadcrumb\":{\"@id\":\"https:\/\/hidalgofestival.de\/en\/speaker\/matteo-carvone\/#breadcrumb\"},\"inLanguage\":\"en-US\",\"potentialAction\":[{\"@type\":\"ReadAction\",\"target\":[\"https:\/\/hidalgofestival.de\/en\/speaker\/matteo-carvone\/\"]}]},{\"@type\":\"ImageObject\",\"inLanguage\":\"en-US\",\"@id\":\"https:\/\/hidalgofestival.de\/en\/speaker\/matteo-carvone\/#primaryimage\",\"url\":\"https:\/\/hidalgofestival.de\/wp-content\/uploads\/2025\/09\/5.Matteo_Carvone_Portrait_-\u00a9-Andrea-Avezzu.jpg\",\"contentUrl\":\"https:\/\/hidalgofestival.de\/wp-content\/uploads\/2025\/09\/5.Matteo_Carvone_Portrait_-\u00a9-Andrea-Avezzu.jpg\",\"width\":1542,\"height\":2117},{\"@type\":\"BreadcrumbList\",\"@id\":\"https:\/\/hidalgofestival.de\/en\/speaker\/matteo-carvone\/#breadcrumb\",\"itemListElement\":[{\"@type\":\"ListItem\",\"position\":1,\"name\":\"Startseite\",\"item\":\"https:\/\/hidalgofestival.de\/en\/beispiel-seite\/\"},{\"@type\":\"ListItem\",\"position\":2,\"name\":\"Speakers\",\"item\":\"https:\/\/hidalgofestival.de\/en\/speaker\/\"},{\"@type\":\"ListItem\",\"position\":3,\"name\":\"Matteo Carvone\"}]},{\"@type\":\"WebSite\",\"@id\":\"https:\/\/hidalgofestival.de\/en\/#website\",\"url\":\"https:\/\/hidalgofestival.de\/en\/\",\"name\":\"HIDALGO\",\"description\":\"Festival f\u00fcr Junge Klassik\",\"potentialAction\":[{\"@type\":\"SearchAction\",\"target\":{\"@type\":\"EntryPoint\",\"urlTemplate\":\"https:\/\/hidalgofestival.de\/en\/?s={search_term_string}\"},\"query-input\":{\"@type\":\"PropertyValueSpecification\",\"valueRequired\":true,\"valueName\":\"search_term_string\"}}],\"inLanguage\":\"en-US\"}]}<\/script>\n<!-- \/ Yoast SEO plugin. -->","yoast_head_json":{"title":"Matteo Carvone - HIDALGO","description":"Matteo Carvone arbeitet als T\u00e4nzer und Choreograf und ist Mitglied im HIDALGO Kollektiv.","robots":{"index":"index","follow":"follow","max-snippet":"max-snippet:-1","max-image-preview":"max-image-preview:large","max-video-preview":"max-video-preview:-1"},"canonical":"https:\/\/hidalgofestival.de\/en\/speaker\/matteo-carvone\/","og_locale":"en_US","og_type":"article","og_title":"Matteo Carvone - HIDALGO","og_description":"Matteo Carvone arbeitet als T\u00e4nzer und Choreograf und ist Mitglied im HIDALGO Kollektiv.","og_url":"https:\/\/hidalgofestival.de\/en\/speaker\/matteo-carvone\/","og_site_name":"HIDALGO","article_modified_time":"2025-09-09T10:14:20+00:00","og_image":[{"width":1542,"height":2117,"url":"https:\/\/hidalgofestival.de\/wp-content\/uploads\/2025\/09\/5.Matteo_Carvone_Portrait_-\u00a9-Andrea-Avezzu.jpg","type":"image\/jpeg"}],"twitter_card":"summary_large_image","twitter_misc":{"Est. reading time":"1 minute"},"schema":{"@context":"https:\/\/schema.org","@graph":[{"@type":"WebPage","@id":"https:\/\/hidalgofestival.de\/en\/speaker\/matteo-carvone\/","url":"https:\/\/hidalgofestival.de\/en\/speaker\/matteo-carvone\/","name":"Matteo Carvone - HIDALGO","isPartOf":{"@id":"https:\/\/hidalgofestival.de\/en\/#website"},"primaryImageOfPage":{"@id":"https:\/\/hidalgofestival.de\/en\/speaker\/matteo-carvone\/#primaryimage"},"image":{"@id":"https:\/\/hidalgofestival.de\/en\/speaker\/matteo-carvone\/#primaryimage"},"thumbnailUrl":"https:\/\/hidalgofestival.de\/wp-content\/uploads\/2025\/09\/5.Matteo_Carvone_Portrait_-\u00a9-Andrea-Avezzu.jpg","datePublished":"2025-09-09T10:10:34+00:00","dateModified":"2025-09-09T10:14:20+00:00","description":"Matteo Carvone arbeitet als T\u00e4nzer und Choreograf und ist Mitglied im HIDALGO Kollektiv.","breadcrumb":{"@id":"https:\/\/hidalgofestival.de\/en\/speaker\/matteo-carvone\/#breadcrumb"},"inLanguage":"en-US","potentialAction":[{"@type":"ReadAction","target":["https:\/\/hidalgofestival.de\/en\/speaker\/matteo-carvone\/"]}]},{"@type":"ImageObject","inLanguage":"en-US","@id":"https:\/\/hidalgofestival.de\/en\/speaker\/matteo-carvone\/#primaryimage","url":"https:\/\/hidalgofestival.de\/wp-content\/uploads\/2025\/09\/5.Matteo_Carvone_Portrait_-\u00a9-Andrea-Avezzu.jpg","contentUrl":"https:\/\/hidalgofestival.de\/wp-content\/uploads\/2025\/09\/5.Matteo_Carvone_Portrait_-\u00a9-Andrea-Avezzu.jpg","width":1542,"height":2117},{"@type":"BreadcrumbList","@id":"https:\/\/hidalgofestival.de\/en\/speaker\/matteo-carvone\/#breadcrumb","itemListElement":[{"@type":"ListItem","position":1,"name":"Startseite","item":"https:\/\/hidalgofestival.de\/en\/beispiel-seite\/"},{"@type":"ListItem","position":2,"name":"Speakers","item":"https:\/\/hidalgofestival.de\/en\/speaker\/"},{"@type":"ListItem","position":3,"name":"Matteo Carvone"}]},{"@type":"WebSite","@id":"https:\/\/hidalgofestival.de\/en\/#website","url":"https:\/\/hidalgofestival.de\/en\/","name":"HIDALGO","description":"Festival f\u00fcr Junge Klassik","potentialAction":[{"@type":"SearchAction","target":{"@type":"EntryPoint","urlTemplate":"https:\/\/hidalgofestival.de\/en\/?s={search_term_string}"},"query-input":{"@type":"PropertyValueSpecification","valueRequired":true,"valueName":"search_term_string"}}],"inLanguage":"en-US"}]}},"_links":{"self":[{"href":"https:\/\/hidalgofestival.de\/en\/wp-json\/wp\/v2\/speaker\/10830","targetHints":{"allow":["GET"]}}],"collection":[{"href":"https:\/\/hidalgofestival.de\/en\/wp-json\/wp\/v2\/speaker"}],"about":[{"href":"https:\/\/hidalgofestival.de\/en\/wp-json\/wp\/v2\/types\/speaker"}],"author":[{"embeddable":true,"href":"https:\/\/hidalgofestival.de\/en\/wp-json\/wp\/v2\/users\/4"}],"replies":[{"embeddable":true,"href":"https:\/\/hidalgofestival.de\/en\/wp-json\/wp\/v2\/comments?post=10830"}],"version-history":[{"count":1,"href":"https:\/\/hidalgofestival.de\/en\/wp-json\/wp\/v2\/speaker\/10830\/revisions"}],"predecessor-version":[{"id":10833,"href":"https:\/\/hidalgofestival.de\/en\/wp-json\/wp\/v2\/speaker\/10830\/revisions\/10833"}],"wp:featuredmedia":[{"embeddable":true,"href":"https:\/\/hidalgofestival.de\/en\/wp-json\/wp\/v2\/media\/10831"}],"wp:attachment":[{"href":"https:\/\/hidalgofestival.de\/en\/wp-json\/wp\/v2\/media?parent=10830"}],"wp:term":[{"taxonomy":"speaker-category","embeddable":true,"href":"https:\/\/hidalgofestival.de\/en\/wp-json\/wp\/v2\/speaker-category?post=10830"},{"taxonomy":"speaker-tags","embeddable":true,"href":"https:\/\/hidalgofestival.de\/en\/wp-json\/wp\/v2\/speaker-tags?post=10830"},{"taxonomy":"location","embeddable":true,"href":"https:\/\/hidalgofestival.de\/en\/wp-json\/wp\/v2\/location?post=10830"}],"curies":[{"name":"wp","href":"https:\/\/api.w.org\/{rel}","templated":true}]}}