{"id":10777,"date":"2025-09-02T16:48:13","date_gmt":"2025-09-02T14:48:13","guid":{"rendered":"https:\/\/hidalgofestival.de\/?post_type=speaker&#038;p=10777"},"modified":"2025-09-03T17:12:52","modified_gmt":"2025-09-03T15:12:52","slug":"rascher-saxophon-quartett","status":"publish","type":"speaker","link":"https:\/\/hidalgofestival.de\/en\/speaker\/rascher-saxophon-quartett\/","title":{"rendered":"Rasch\u00e8r Saxophon Quartett"},"content":{"rendered":"<p><strong>Rasch\u00e8r Saxophon Quartett<\/strong><\/p>\n<p style=\"font-weight: 400;\">Christine Rall (Sopransaxophon)<br \/>\nMorgan Webster (Altsaxophon)<br \/>\nAndreas van Zoelen (Tenorsaxophon)<br \/>\nOscar Trompenaars (Baritonsaxophon)<\/p>\n<div class=\"elementor-element elementor-element-d481fce elementor-widget elementor-widget-text-editor\" data-id=\"d481fce\" data-element_type=\"widget\" data-widget_type=\"text-editor.default\">\n<div class=\"elementor-widget-container\">\n<p>Seit seiner Gr\u00fcndung 1969 trat das Rasch\u00e8r Saxophon Quartett regelm\u00e4\u00dfig in den bedeutendsten Konzerts\u00e4len der Vereinigten Staaten, Asien und Europas auf. Das Ensemble setzt eine Tradition fort, die in den 30er Jahren von Sigurd Rasch\u00e8r, dem Pionier des klassischen Saxophons und Gr\u00fcnder des Quartetts, begonnen wurde. Er regte viele Komponisten an St\u00fccke f\u00fcr ihn zu schreiben. In ganz \u00e4hnlicher Weise hat das Quartett \u00fcber 300 Komponisten inspiriert ihm Werke zu widmen Diese Komponisten waren begeistert von der einmaligen homogenen Tonqualit\u00e4t, der Virtuosit\u00e4t und der dynamischen Interpretation alter und neuer Musik der vier Musiker.<\/p>\n<\/div>\n<\/div>\n<div class=\"elementor-element elementor-element-7e53a15 elementor-widget elementor-widget-text-editor\" data-id=\"7e53a15\" data-element_type=\"widget\" data-widget_type=\"text-editor.default\">\n<div class=\"elementor-widget-container\">\n<p>Zahlreiche Komponisten sind fasziniert von der Kombination der \u201eRasch\u00e8rs\u201c mit Orchester. Auch daf\u00fcr wurden mehr als 40 neue Werke komponiert und mit namhaften Ensembles aufgef\u00fchrt.\u00a0Nebst den zahlreichen Auff\u00fchrungen des Rasch\u00e8r Quartetts und seiner Zusammenarbeit mit den weltweit f\u00fchrenden Orchestern, ist das Quartett mit vielen verschiedenen Instrumental und Gesangsformationen aufgetreten.<\/p>\n<\/div>\n<\/div>\n<p>Foto: Felix Broede<br \/>\n(Stand: 2025)<\/p>\n","protected":false},"excerpt":{"rendered":"<p>Rasch\u00e8r Saxophon Quartett Christine Rall (Sopransaxophon) Morgan Webster (Altsaxophon) Andreas van Zoelen (Tenorsaxophon) Oscar Trompenaars (Baritonsaxophon) Seit seiner Gr\u00fcndung 1969 trat das Rasch\u00e8r Saxophon Quartett regelm\u00e4\u00dfig in den bedeutendsten Konzerts\u00e4len der Vereinigten Staaten, Asien und Europas auf. Das Ensemble setzt&#8230;<\/p>\n","protected":false},"author":4,"featured_media":10803,"comment_status":"closed","ping_status":"closed","template":"","meta":{"footnotes":""},"speaker-category":[5,164,153],"speaker-tags":[],"location":[],"class_list":["post-10777","speaker","type-speaker","status-publish","has-post-thumbnail","hentry","speaker-category-artist","speaker-category-2025-winterreise","speaker-category-festival-2025"],"yoast_head":"<!-- This site is optimized with the Yoast SEO plugin v27.2 - https:\/\/yoast.com\/product\/yoast-seo-wordpress\/ -->\n<title>Rasch\u00e8r Saxophon Quartett - HIDALGO<\/title>\n<meta name=\"description\" content=\"Das Rasch\u00e8r Saxophon Quartett nimmt an dem Event WINTERREISE am 21. Oktober 2025 des HIDALGO Festivals teil.\" \/>\n<meta name=\"robots\" content=\"index, follow, max-snippet:-1, max-image-preview:large, max-video-preview:-1\" \/>\n<link rel=\"canonical\" href=\"https:\/\/hidalgofestival.de\/en\/speaker\/rascher-saxophon-quartett\/\" \/>\n<meta property=\"og:locale\" content=\"en_US\" \/>\n<meta property=\"og:type\" content=\"article\" \/>\n<meta property=\"og:title\" content=\"Rasch\u00e8r Saxophon Quartett - HIDALGO\" \/>\n<meta property=\"og:description\" content=\"Das Rasch\u00e8r Saxophon Quartett nimmt an dem Event WINTERREISE am 21. Oktober 2025 des HIDALGO Festivals teil.\" \/>\n<meta property=\"og:url\" content=\"https:\/\/hidalgofestival.de\/en\/speaker\/rascher-saxophon-quartett\/\" \/>\n<meta property=\"og:site_name\" content=\"HIDALGO\" \/>\n<meta property=\"article:modified_time\" content=\"2025-09-03T15:12:52+00:00\" \/>\n<meta property=\"og:image\" content=\"https:\/\/hidalgofestival.de\/wp-content\/uploads\/2025\/09\/0288_Rascher-Quartett_241012\u0435\u0308feliXbroede-e1756912334509-1024x963.png\" \/>\n\t<meta property=\"og:image:width\" content=\"1024\" \/>\n\t<meta property=\"og:image:height\" content=\"963\" \/>\n\t<meta property=\"og:image:type\" content=\"image\/png\" \/>\n<meta name=\"twitter:card\" content=\"summary_large_image\" \/>\n<meta name=\"twitter:label1\" content=\"Est. reading time\" \/>\n\t<meta name=\"twitter:data1\" content=\"1 minute\" \/>\n<script type=\"application\/ld+json\" class=\"yoast-schema-graph\">{\"@context\":\"https:\/\/schema.org\",\"@graph\":[{\"@type\":\"WebPage\",\"@id\":\"https:\/\/hidalgofestival.de\/en\/speaker\/rascher-saxophon-quartett\/\",\"url\":\"https:\/\/hidalgofestival.de\/en\/speaker\/rascher-saxophon-quartett\/\",\"name\":\"Rasch\u00e8r Saxophon Quartett - HIDALGO\",\"isPartOf\":{\"@id\":\"https:\/\/hidalgofestival.de\/en\/#website\"},\"primaryImageOfPage\":{\"@id\":\"https:\/\/hidalgofestival.de\/en\/speaker\/rascher-saxophon-quartett\/#primaryimage\"},\"image\":{\"@id\":\"https:\/\/hidalgofestival.de\/en\/speaker\/rascher-saxophon-quartett\/#primaryimage\"},\"thumbnailUrl\":\"https:\/\/hidalgofestival.de\/wp-content\/uploads\/2025\/09\/0288_Rascher-Quartett_241012\u0435\u0308feliXbroede-e1756912334509.png\",\"datePublished\":\"2025-09-02T14:48:13+00:00\",\"dateModified\":\"2025-09-03T15:12:52+00:00\",\"description\":\"Das Rasch\u00e8r Saxophon Quartett nimmt an dem Event WINTERREISE am 21. Oktober 2025 des HIDALGO Festivals teil.\",\"breadcrumb\":{\"@id\":\"https:\/\/hidalgofestival.de\/en\/speaker\/rascher-saxophon-quartett\/#breadcrumb\"},\"inLanguage\":\"en-US\",\"potentialAction\":[{\"@type\":\"ReadAction\",\"target\":[\"https:\/\/hidalgofestival.de\/en\/speaker\/rascher-saxophon-quartett\/\"]}]},{\"@type\":\"ImageObject\",\"inLanguage\":\"en-US\",\"@id\":\"https:\/\/hidalgofestival.de\/en\/speaker\/rascher-saxophon-quartett\/#primaryimage\",\"url\":\"https:\/\/hidalgofestival.de\/wp-content\/uploads\/2025\/09\/0288_Rascher-Quartett_241012\u0435\u0308feliXbroede-e1756912334509.png\",\"contentUrl\":\"https:\/\/hidalgofestival.de\/wp-content\/uploads\/2025\/09\/0288_Rascher-Quartett_241012\u0435\u0308feliXbroede-e1756912334509.png\",\"width\":1240,\"height\":1166},{\"@type\":\"BreadcrumbList\",\"@id\":\"https:\/\/hidalgofestival.de\/en\/speaker\/rascher-saxophon-quartett\/#breadcrumb\",\"itemListElement\":[{\"@type\":\"ListItem\",\"position\":1,\"name\":\"Startseite\",\"item\":\"https:\/\/hidalgofestival.de\/en\/beispiel-seite\/\"},{\"@type\":\"ListItem\",\"position\":2,\"name\":\"Speakers\",\"item\":\"https:\/\/hidalgofestival.de\/en\/speaker\/\"},{\"@type\":\"ListItem\",\"position\":3,\"name\":\"Rasch\u00e8r Saxophon Quartett\"}]},{\"@type\":\"WebSite\",\"@id\":\"https:\/\/hidalgofestival.de\/en\/#website\",\"url\":\"https:\/\/hidalgofestival.de\/en\/\",\"name\":\"HIDALGO\",\"description\":\"Festival f\u00fcr Junge Klassik\",\"potentialAction\":[{\"@type\":\"SearchAction\",\"target\":{\"@type\":\"EntryPoint\",\"urlTemplate\":\"https:\/\/hidalgofestival.de\/en\/?s={search_term_string}\"},\"query-input\":{\"@type\":\"PropertyValueSpecification\",\"valueRequired\":true,\"valueName\":\"search_term_string\"}}],\"inLanguage\":\"en-US\"}]}<\/script>\n<!-- \/ Yoast SEO plugin. -->","yoast_head_json":{"title":"Rasch\u00e8r Saxophon Quartett - HIDALGO","description":"Das Rasch\u00e8r Saxophon Quartett nimmt an dem Event WINTERREISE am 21. Oktober 2025 des HIDALGO Festivals teil.","robots":{"index":"index","follow":"follow","max-snippet":"max-snippet:-1","max-image-preview":"max-image-preview:large","max-video-preview":"max-video-preview:-1"},"canonical":"https:\/\/hidalgofestival.de\/en\/speaker\/rascher-saxophon-quartett\/","og_locale":"en_US","og_type":"article","og_title":"Rasch\u00e8r Saxophon Quartett - HIDALGO","og_description":"Das Rasch\u00e8r Saxophon Quartett nimmt an dem Event WINTERREISE am 21. Oktober 2025 des HIDALGO Festivals teil.","og_url":"https:\/\/hidalgofestival.de\/en\/speaker\/rascher-saxophon-quartett\/","og_site_name":"HIDALGO","article_modified_time":"2025-09-03T15:12:52+00:00","og_image":[{"width":1024,"height":963,"url":"https:\/\/hidalgofestival.de\/wp-content\/uploads\/2025\/09\/0288_Rascher-Quartett_241012\u0435\u0308feliXbroede-e1756912334509-1024x963.png","type":"image\/png"}],"twitter_card":"summary_large_image","twitter_misc":{"Est. reading time":"1 minute"},"schema":{"@context":"https:\/\/schema.org","@graph":[{"@type":"WebPage","@id":"https:\/\/hidalgofestival.de\/en\/speaker\/rascher-saxophon-quartett\/","url":"https:\/\/hidalgofestival.de\/en\/speaker\/rascher-saxophon-quartett\/","name":"Rasch\u00e8r Saxophon Quartett - HIDALGO","isPartOf":{"@id":"https:\/\/hidalgofestival.de\/en\/#website"},"primaryImageOfPage":{"@id":"https:\/\/hidalgofestival.de\/en\/speaker\/rascher-saxophon-quartett\/#primaryimage"},"image":{"@id":"https:\/\/hidalgofestival.de\/en\/speaker\/rascher-saxophon-quartett\/#primaryimage"},"thumbnailUrl":"https:\/\/hidalgofestival.de\/wp-content\/uploads\/2025\/09\/0288_Rascher-Quartett_241012\u0435\u0308feliXbroede-e1756912334509.png","datePublished":"2025-09-02T14:48:13+00:00","dateModified":"2025-09-03T15:12:52+00:00","description":"Das Rasch\u00e8r Saxophon Quartett nimmt an dem Event WINTERREISE am 21. Oktober 2025 des HIDALGO Festivals teil.","breadcrumb":{"@id":"https:\/\/hidalgofestival.de\/en\/speaker\/rascher-saxophon-quartett\/#breadcrumb"},"inLanguage":"en-US","potentialAction":[{"@type":"ReadAction","target":["https:\/\/hidalgofestival.de\/en\/speaker\/rascher-saxophon-quartett\/"]}]},{"@type":"ImageObject","inLanguage":"en-US","@id":"https:\/\/hidalgofestival.de\/en\/speaker\/rascher-saxophon-quartett\/#primaryimage","url":"https:\/\/hidalgofestival.de\/wp-content\/uploads\/2025\/09\/0288_Rascher-Quartett_241012\u0435\u0308feliXbroede-e1756912334509.png","contentUrl":"https:\/\/hidalgofestival.de\/wp-content\/uploads\/2025\/09\/0288_Rascher-Quartett_241012\u0435\u0308feliXbroede-e1756912334509.png","width":1240,"height":1166},{"@type":"BreadcrumbList","@id":"https:\/\/hidalgofestival.de\/en\/speaker\/rascher-saxophon-quartett\/#breadcrumb","itemListElement":[{"@type":"ListItem","position":1,"name":"Startseite","item":"https:\/\/hidalgofestival.de\/en\/beispiel-seite\/"},{"@type":"ListItem","position":2,"name":"Speakers","item":"https:\/\/hidalgofestival.de\/en\/speaker\/"},{"@type":"ListItem","position":3,"name":"Rasch\u00e8r Saxophon Quartett"}]},{"@type":"WebSite","@id":"https:\/\/hidalgofestival.de\/en\/#website","url":"https:\/\/hidalgofestival.de\/en\/","name":"HIDALGO","description":"Festival f\u00fcr Junge Klassik","potentialAction":[{"@type":"SearchAction","target":{"@type":"EntryPoint","urlTemplate":"https:\/\/hidalgofestival.de\/en\/?s={search_term_string}"},"query-input":{"@type":"PropertyValueSpecification","valueRequired":true,"valueName":"search_term_string"}}],"inLanguage":"en-US"}]}},"_links":{"self":[{"href":"https:\/\/hidalgofestival.de\/en\/wp-json\/wp\/v2\/speaker\/10777","targetHints":{"allow":["GET"]}}],"collection":[{"href":"https:\/\/hidalgofestival.de\/en\/wp-json\/wp\/v2\/speaker"}],"about":[{"href":"https:\/\/hidalgofestival.de\/en\/wp-json\/wp\/v2\/types\/speaker"}],"author":[{"embeddable":true,"href":"https:\/\/hidalgofestival.de\/en\/wp-json\/wp\/v2\/users\/4"}],"replies":[{"embeddable":true,"href":"https:\/\/hidalgofestival.de\/en\/wp-json\/wp\/v2\/comments?post=10777"}],"version-history":[{"count":2,"href":"https:\/\/hidalgofestival.de\/en\/wp-json\/wp\/v2\/speaker\/10777\/revisions"}],"predecessor-version":[{"id":10805,"href":"https:\/\/hidalgofestival.de\/en\/wp-json\/wp\/v2\/speaker\/10777\/revisions\/10805"}],"wp:featuredmedia":[{"embeddable":true,"href":"https:\/\/hidalgofestival.de\/en\/wp-json\/wp\/v2\/media\/10803"}],"wp:attachment":[{"href":"https:\/\/hidalgofestival.de\/en\/wp-json\/wp\/v2\/media?parent=10777"}],"wp:term":[{"taxonomy":"speaker-category","embeddable":true,"href":"https:\/\/hidalgofestival.de\/en\/wp-json\/wp\/v2\/speaker-category?post=10777"},{"taxonomy":"speaker-tags","embeddable":true,"href":"https:\/\/hidalgofestival.de\/en\/wp-json\/wp\/v2\/speaker-tags?post=10777"},{"taxonomy":"location","embeddable":true,"href":"https:\/\/hidalgofestival.de\/en\/wp-json\/wp\/v2\/location?post=10777"}],"curies":[{"name":"wp","href":"https:\/\/api.w.org\/{rel}","templated":true}]}}