{"id":7888,"date":"2023-11-03T20:57:15","date_gmt":"2023-11-03T19:57:15","guid":{"rendered":"https:\/\/hidalgofestival.de\/workshop\/who-are-you-workshop\/"},"modified":"2025-01-27T14:59:12","modified_gmt":"2025-01-27T13:59:12","slug":"werkstatt-who-are-you","status":"publish","type":"page","link":"https:\/\/hidalgofestival.de\/en\/workshop\/werkstatt-who-are-you\/","title":{"rendered":"Who are you (Workshop)"},"content":{"rendered":"<p>[vc_row full_width=&#8221;stretch_row&#8221; full_height=&#8221;yes&#8221; columns_placement=&#8221;top&#8221; content_placement=&#8221;bottom&#8221; background-position=&#8221;center-center&#8221; css=&#8221;.vc_custom_1699042424521{margin-bottom: 50px !important;background-image: url(https:\/\/hidalgofestival.de\/wp-content\/uploads\/2023\/11\/Hidalgo_visuals_adaptionen-24.jpeg?id=6299) !important;background-position: center !important;background-repeat: no-repeat !important;background-size: cover !important;}&#8221;][vc_column][vc_row_inner css=&#8221;.vc_custom_1699042433621{padding-top: 30px !important;}&#8221;][vc_column_inner][\/vc_column_inner][\/vc_row_inner][\/vc_column][\/vc_row][vc_row full_height=&#8221;yes&#8221; css=&#8221;.vc_custom_1699040277994{margin-top: 50px !important;margin-bottom: 20px !important;}&#8221; el_class=&#8221;narrow&#8221;][vc_column][vc_column_text]<\/p>\n<h2>WHO ARE YOU &#8211; HIDALGO Workshop<\/h2>\n<h3>WORKSHOP AND FLASH MOB DURING SCHOOL BREAKS<\/h3>\n<p><span data-contrast=\"none\">AI is omnipresent in everyday life\u2014especially in the lives of young people: 90 percent of Instagram users are under 35 years old, 50 percent of TikTok users are between 16 and 24 years old. Young people naturally always carry their smartphones with them. They text, send photos and videos, share their favorite music and watch tutorials. They constantly leave traces and shape their digital selves<\/span><span data-contrast=\"none\">. Algorithms suggest new music, give fitness tips, influence mental health, lifestyle and appearance.<\/span><\/p>\n<p><span data-contrast=\"none\">In WHO ARE YOU, students look behind the facade of their own user behavior. The music education format is based on a HIDALGO production of the same name, which will premiere during the HIDALGO Festival in fall 2023: In this song lab at Microsoft headquarters, a singer allows herself to be optimized by an artificial intelligence. Using gesture and facial recognition, AI analyzes her for &#8220;mistakes&#8221;\u2014and corrects them using impulses, visuals and sound. A confrontational musical performance between human and machine. The outcome is undecided.<\/span><\/p>\n<p><span data-contrast=\"none\">After a visit to the performance with a special introduction, the students continue to work on the topic themselves in workshops including flash mobs. They ask themselves what thoughts and needs arise as a result. Are we being shaped by AI and the content it provides? The sound artists Paul Bie\u00dfmann and Jonas Urbat will bring along some specially programmed apps, translate the digital behavior into live electronics, incorporate the students&#8217; favorite songs and develop joint artistic interventions that will be performed as flash mobs during break times. <\/span>[\/vc_column_text][vc_video link=&#8221;https:\/\/www.youtube.com\/watch?v=2PUt1-7_2m4&#8243;][vc_column_text]<span data-contrast=\"none\">After a visit to the event with a special introduction, the young people continue to work on the topic themselves in workshops including flash mobs. They ask themselves what thoughts and needs arise as a result. Are we being shaped by AI and the content it provides? The sound artists Paul Bie\u00dfmann and Jonas Urbat will bring along some specially programmed apps, translate the digital behavior into live electronics, feed in their favorite songs with the students and develop joint artistic interventions that will be performed as flash mobs during break times. <\/span>[\/vc_column_text][\/vc_column][\/vc_row][vc_row full_width=&#8221;stretch_row&#8221; el_class=&#8221;narrow&#8221;][vc_column width=&#8221;1\/3&#8243;][vc_single_image image=&#8221;7680&#8243; img_size=&#8221;full&#8221;][\/vc_column][vc_column width=&#8221;1\/3&#8243;][vc_single_image image=&#8221;7682&#8243; img_size=&#8221;full&#8221;][\/vc_column][vc_column width=&#8221;1\/3&#8243;][vc_single_image image=&#8221;7681&#8243; img_size=&#8221;full&#8221;][\/vc_column][\/vc_row][vc_row css=&#8221;.vc_custom_1699367367051{margin-top: 10px !important;margin-bottom: 30px !important;}&#8221; el_class=&#8221;narrow&#8221;][vc_column][vc_column_text]<\/p>\n<h3>Age group<\/h3>\n<p>School classes from grades 9-11 at all levels of secondary school (Gymnasium, Realschule, Mittelschule)<\/p>\n<h3>Time frame per school class<\/h3>\n<p>1x concert visit<br \/>\n4x double lesson workshop<br \/>\n1x flash mob during break time<\/p>\n<h3>Period<\/h3>\n<p>Concert visit on November 23, 2023 (Microsoft Germany Headquarters, Munich)<br \/>\nConcert visit on June 10, 2024 (Max-Planck-Gymnasium)<br \/>\nWorkshop and flash mob November 2023 &#8211; July 2024<\/p>\n<h3>Costs<\/h3>\n<p>7 Euro per person concert admission<br \/>\nWorkshop free of charge<\/p>\n<h3>Registration &amp; Info<\/h3>\n<p>This school year is over\u2014are you interested in having this project take place at your school in the coming school year 2024\/25? Our project manager Sophia Rieth will be happy to inform interested teachers about the project: <a href=\"mailto:sophia.rieth@hidalgofestival.de\"><strong>sophia.rieth@hidalgofestival.de<\/strong><br \/>\n<\/a><\/p>\n<h3>Participating schools<\/h3>\n<p>Maria-Ward-Gymnasium, Augsburg, 11th grade<br \/>\nMax-Planck-Gymnasium, Munich, 11th grade<br \/>\nCampus di Monaco, Munich, 7th &amp; 8th grade[\/vc_column_text][\/vc_column][\/vc_row][vc_row full_width=&#8221;stretch_row&#8221; full_height=&#8221;yes&#8221; css=&#8221;.vc_custom_1699367334282{background-image: url(https:\/\/hidalgofestival.de\/wp-content\/uploads\/2023\/11\/Benjamin-Ganzenmu\u0308ller_WAY_2.png?id=6468) !important;background-position: center !important;background-repeat: no-repeat !important;background-size: cover !important;}&#8221; el_class=&#8221;narrow&#8221;][vc_column][\/vc_column][\/vc_row][vc_row css=&#8221;.vc_custom_1699367118769{margin-top: 30px !important;}&#8221;][vc_column][vc_column_text]<\/p>\n<h2>Project participants<\/h2>\n<p>[\/vc_column_text][\/vc_column][vc_column width=&#8221;1\/4&#8243;][vc_column_text]<\/p>\n<h4>PROJECT MANAGEMENT<\/h4>\n<p>[\/vc_column_text]<div class=\"gt-categorized-contents gt-tab-panel\"><ul class=\"nav gt-nav gt-left\" role=\"tablist\"><li><a href=\"#categorized-speakers-werkstatt-kontakt-1\" aria-controls=\"categorized-speakers-werkstatt-kontakt\" role=\"tab\" data-toggle=\"tab\" class=\"active\">Werkstatt-Kontakt<\/a><\/li><\/ul><div class=\"tab-content\"><div role=\"tabpanel\" class=\"tab-pane fade active show\" id=\"categorized-speakers-werkstatt-kontakt-1\" aria-labelledby=\"categorized-speakers-werkstatt-kontakt\"><div class=\"gt-columns gt-column-1\"><div class=\"gt-col\"><div class=\"gt-inner\"><div class=\"gt-speaker gt-style-1\"><div class=\"gt-image\"><a href=\"https:\/\/hidalgofestival.de\/en\/speaker\/sophia-rieth\/\"><img loading=\"lazy\" decoding=\"async\" width=\"615\" height=\"640\" src=\"data:image\/svg+xml,%3Csvg%20xmlns%3D%27http:\/\/www.w3.org\/2000\/svg%27%20viewBox%3D%270%200%203%202%27%3E%3C\/svg%3E\" class=\"attachment-eventchamp-speaker size-eventchamp-speaker gt-lazy-load\" alt=\"\" data-src=\"https:\/\/hidalgofestival.de\/wp-content\/uploads\/2021\/03\/web__Rieth-.pngSophia_Ganzenmu\u0308ller-615x640.png\" \/><\/a><\/div><div class=\"gt-content\"><div class=\"gt-name\"><a href=\"https:\/\/hidalgofestival.de\/en\/speaker\/sophia-rieth\/\">Sophia Rieth<\/a><\/div><div class=\"gt-text\">Sophia Rieth studierte Elementare Musikp\u00e4dagogik und Instrumentalp\u00e4dagogik in Augsburg, Music Performance in Blockfl\u00f6te in Z\u00fcrich sowie Kultur- und Musikmanagement in M\u00fcnchen. Als Kreativkopf spielt sie Konzerte und arbeitet als Musikvermittlerin und Dozentin. Sie konzipiert unter anderem das von ihr mitbegr\u00fcndete Zeitfestival in Z\u00fcrich und Augsburg.<\/div><div class=\"gt-social-links\"><ul class=\"gt-social-links\"><li><a href=\"mailto:sophia.rieth@hidalgofestival.de\" target=\"_blank\"><i class=\"far fa-envelope\"><\/i><\/a><\/li><\/ul><\/div><\/div><\/div><\/div><\/div><\/div><\/div><\/div><\/div>[\/vc_column][vc_column width=&#8221;3\/4&#8243;][vc_column_text]<\/p>\n<h4>MUSIC EDUCATION<\/h4>\n<p>[\/vc_column_text]<div class=\"gt-categorized-contents gt-tab-panel\"><ul class=\"nav gt-nav gt-left\" role=\"tablist\"><li><a href=\"#categorized-speakers-way-musikvermittlung-1\" aria-controls=\"categorized-speakers-way-musikvermittlung\" role=\"tab\" data-toggle=\"tab\" class=\"active\">WAY Musikvermittlung<\/a><\/li><\/ul><div class=\"tab-content\"><div role=\"tabpanel\" class=\"tab-pane fade active show\" id=\"categorized-speakers-way-musikvermittlung-1\" aria-labelledby=\"categorized-speakers-way-musikvermittlung\"><div class=\"gt-columns gt-column-3\"><div class=\"gt-col\"><div class=\"gt-inner\"><div class=\"gt-speaker gt-style-1\"><div class=\"gt-image\"><a href=\"https:\/\/hidalgofestival.de\/en\/speaker\/franziska-hiller\/\"><img loading=\"lazy\" decoding=\"async\" width=\"615\" height=\"640\" src=\"data:image\/svg+xml,%3Csvg%20xmlns%3D%27http:\/\/www.w3.org\/2000\/svg%27%20viewBox%3D%270%200%203%202%27%3E%3C\/svg%3E\" class=\"attachment-eventchamp-speaker size-eventchamp-speaker gt-lazy-load\" alt=\"\" data-src=\"https:\/\/hidalgofestival.de\/wp-content\/uploads\/2023\/11\/Hiller-e1699360855928-615x640.png\" \/><\/a><\/div><div class=\"gt-content\"><div class=\"gt-name\"><a href=\"https:\/\/hidalgofestival.de\/en\/speaker\/franziska-hiller\/\">Franziska Hiller<\/a><\/div><div class=\"gt-text\">Franziska Hiller ist S\u00e4ngerin und Konzert-Designerin. Am liebsten balanciert sie kollaborativ auf der Schnittstelle von Wort, Klang und Performance. Sie studierte in Rostock, Leipzig und Houston, Texas, ist Teil des Kollektiv Godot Komplex und des Lied-Duos et cetera. Im Schumann-Haus Leipzig verantwortet sie die Kuration und Durchfu\u0308hrung der Kulturvermittlungs-Angebote.<\/div><\/div><\/div><\/div><\/div><div class=\"gt-col\"><div class=\"gt-inner\"><div class=\"gt-speaker gt-style-1\"><div class=\"gt-image\"><a href=\"https:\/\/hidalgofestival.de\/en\/speaker\/hannah-baumann\/\"><img loading=\"lazy\" decoding=\"async\" width=\"615\" height=\"640\" src=\"data:image\/svg+xml,%3Csvg%20xmlns%3D%27http:\/\/www.w3.org\/2000\/svg%27%20viewBox%3D%270%200%203%202%27%3E%3C\/svg%3E\" class=\"attachment-eventchamp-speaker size-eventchamp-speaker gt-lazy-load\" alt=\"\" data-src=\"https:\/\/hidalgofestival.de\/wp-content\/uploads\/2023\/11\/Baumann-615x640.png\" \/><\/a><\/div><div class=\"gt-content\"><div class=\"gt-name\"><a href=\"https:\/\/hidalgofestival.de\/en\/speaker\/hannah-baumann\/\">Hannah Baumann<\/a><\/div><div class=\"gt-text\">Hannah Baumann arbeitet k\u00fcnstlerisch an Schnittstellen von Musik, Text und Ausdruck. Als Oboistin spielt sie gleicherma\u00dfen in gro\u00dfen Klangk\u00f6rpern wie auch performativ und improvisierend, entwickelt eigene B\u00fchnenproduktionen sowie Kulturvermitttlungs-Konzepte und ist Gr\u00fcndungsmitglied des Kollektivs Godot Komplex, das mit mehreren Preisen bedacht wurde.<\/div><\/div><\/div><\/div><\/div><div class=\"gt-col\"><div class=\"gt-inner\"><div class=\"gt-speaker gt-style-1\"><div class=\"gt-image\"><a href=\"https:\/\/hidalgofestival.de\/en\/speaker\/florian-hartz\/\"><img loading=\"lazy\" decoding=\"async\" width=\"615\" height=\"640\" src=\"data:image\/svg+xml,%3Csvg%20xmlns%3D%27http:\/\/www.w3.org\/2000\/svg%27%20viewBox%3D%270%200%203%202%27%3E%3C\/svg%3E\" class=\"attachment-eventchamp-speaker size-eventchamp-speaker gt-lazy-load\" alt=\"\" data-src=\"https:\/\/hidalgofestival.de\/wp-content\/uploads\/2023\/11\/Hartz-615x640.png\" \/><\/a><\/div><div class=\"gt-content\"><div class=\"gt-name\"><a href=\"https:\/\/hidalgofestival.de\/en\/speaker\/florian-hartz\/\">Florian Hartz<\/a><\/div><div class=\"gt-text\">Florian Hartz ist ein vielseitiger Musiker und Komponist. Nach seinem Bachelor in Mathe begann er in Mannheim sein Jazz-Studium mit Hauptfach E-Bass, das er 2021 mit Note 1 abschloss. Neben seinem Engagement als Musikvermittler arbeitet er f\u00fcr diverse Theater und ist k\u00fcnstlerischer Beirat im Jazzclub Augsburg. Au\u00dferdem arbeitet er als Projektmanager f\u00fcr K\u00fcnstliche Intelligenz.<\/div><\/div><\/div><\/div><\/div><\/div><\/div><\/div><\/div>[\/vc_column][\/vc_row][vc_row css=&#8221;.vc_custom_1699366523049{margin-top: 30px !important;}&#8221;][vc_column width=&#8221;1\/2&#8243;][vc_column_text]<\/p>\n<h4>DIGITAL ART<\/h4>\n<p>[\/vc_column_text]<div class=\"gt-categorized-contents gt-tab-panel\"><ul class=\"nav gt-nav gt-left\" role=\"tablist\"><li><a href=\"#categorized-speakers-werkstatt-artist-1\" aria-controls=\"categorized-speakers-werkstatt-artist\" role=\"tab\" data-toggle=\"tab\" class=\"active\">WAY Artist<\/a><\/li><\/ul><div class=\"tab-content\"><div role=\"tabpanel\" class=\"tab-pane fade active show\" id=\"categorized-speakers-werkstatt-artist-1\" aria-labelledby=\"categorized-speakers-werkstatt-artist\"><div class=\"gt-columns gt-column-2\"><div class=\"gt-col\"><div class=\"gt-inner\"><div class=\"gt-speaker gt-style-1\"><div class=\"gt-image\"><a href=\"https:\/\/hidalgofestival.de\/en\/speaker\/paul-biessmann\/\"><img loading=\"lazy\" decoding=\"async\" width=\"615\" height=\"640\" src=\"data:image\/svg+xml,%3Csvg%20xmlns%3D%27http:\/\/www.w3.org\/2000\/svg%27%20viewBox%3D%270%200%203%202%27%3E%3C\/svg%3E\" class=\"attachment-eventchamp-speaker size-eventchamp-speaker gt-lazy-load\" alt=\"\" data-src=\"https:\/\/hidalgofestival.de\/wp-content\/uploads\/2022\/01\/PaulBiessmann\u00a9LukasDiller-263-615x640.jpg\" \/><\/a><\/div><div class=\"gt-content\"><div class=\"gt-name\"><a href=\"https:\/\/hidalgofestival.de\/en\/speaker\/paul-biessmann\/\">Paul Bie\u00dfmann<\/a><\/div><div class=\"gt-text\">Paul Bie\u00dfmann studierte Jazz Piano in N\u00fcrnberg und Medientechnologie in Ilmenau. Als Musiker und Digitalk\u00fcnstler sucht er Reibungspunkte zwischen Musik, Mensch und Technik. Er realisierte interdisziplin\u00e4re Projekte u.a. f\u00fcr die Neuk\u00f6llner Oper, das Radialsystem und das ID Festival und arbeitete u.a. mit dem Einstein Center Digital Future, der UdK Berlin und dem Fraunhofer IIS.<\/div><\/div><\/div><\/div><\/div><div class=\"gt-col\"><div class=\"gt-inner\"><div class=\"gt-speaker gt-style-1\"><div class=\"gt-image\"><a href=\"https:\/\/hidalgofestival.de\/en\/speaker\/jonas-urbat\/\"><img loading=\"lazy\" decoding=\"async\" width=\"615\" height=\"640\" src=\"data:image\/svg+xml,%3Csvg%20xmlns%3D%27http:\/\/www.w3.org\/2000\/svg%27%20viewBox%3D%270%200%203%202%27%3E%3C\/svg%3E\" class=\"attachment-eventchamp-speaker size-eventchamp-speaker gt-lazy-load\" alt=\"\" data-src=\"https:\/\/hidalgofestival.de\/wp-content\/uploads\/2023\/08\/Portra\u0308t_Urbat-Jonas-cOliver_Borchert-615x640.png\" \/><\/a><\/div><div class=\"gt-content\"><div class=\"gt-name\"><a href=\"https:\/\/hidalgofestival.de\/en\/speaker\/jonas-urbat\/\">Jonas Urbat<\/a><\/div><div class=\"gt-text\">Jonas Urbat ist Tubist, Musikproduzent und Musikvermittler. Mit seinem Studio-Van trifft er als @InTubaWild Musiker*innen in ganz Europa. Der Mitgr\u00fcnder des Stegreif.Orchesters vereint mit Bands, Ensembles und Orchestern k\u00fcnstlerische Ausdrucksformen und Technologie. 2019 wurde er als \u201cKultur- und Kreativpilot\u201d des Bundesministeriums f\u00fcr Wirtschaft ausgezeichnet.<\/div><\/div><\/div><\/div><\/div><\/div><\/div><\/div><\/div>[\/vc_column][vc_column width=&#8221;1\/2&#8243;][vc_column_text]<\/p>\n<h4>MEDIA EDUCATION<\/h4>\n<p>[\/vc_column_text]<div class=\"gt-categorized-contents gt-tab-panel\"><ul class=\"nav gt-nav gt-left\" role=\"tablist\"><li><a href=\"#categorized-speakers-medienpaedagogik-way-1\" aria-controls=\"categorized-speakers-medienpaedagogik-way\" role=\"tab\" data-toggle=\"tab\" class=\"active\">Medienp\u00e4dagogik WAY<\/a><\/li><\/ul><div class=\"tab-content\"><div role=\"tabpanel\" class=\"tab-pane fade active show\" id=\"categorized-speakers-medienpaedagogik-way-1\" aria-labelledby=\"categorized-speakers-medienpaedagogik-way\"><div class=\"gt-columns gt-column-2\"><div class=\"gt-col\"><div class=\"gt-inner\"><div class=\"gt-speaker gt-style-1\"><div class=\"gt-image\"><a href=\"https:\/\/hidalgofestival.de\/en\/speaker\/bjoern-friedrich\/\"><img loading=\"lazy\" decoding=\"async\" width=\"615\" height=\"640\" src=\"data:image\/svg+xml,%3Csvg%20xmlns%3D%27http:\/\/www.w3.org\/2000\/svg%27%20viewBox%3D%270%200%203%202%27%3E%3C\/svg%3E\" class=\"attachment-eventchamp-speaker size-eventchamp-speaker gt-lazy-load\" alt=\"\" data-src=\"https:\/\/hidalgofestival.de\/wp-content\/uploads\/2024\/01\/Friedrich-Bjo\u0308rn_Credit-Andreas-Gregor-615x640.png\" \/><\/a><\/div><div class=\"gt-content\"><div class=\"gt-name\"><a href=\"https:\/\/hidalgofestival.de\/en\/speaker\/bjoern-friedrich\/\">Bj\u00f6rn Friedrich<\/a><\/div><div class=\"gt-text\">Bj\u00f6rn Friedrich ist Medienp\u00e4dagoge und Gesch\u00e4ftsf\u00fchrer bei SIN \u2013 Studio im Netz in M\u00fcnchen. Bei der Gesellschaft f\u00fcr Medienp\u00e4dagogik und Kommunikationskultur ist er Sprecher der Fachgruppe Netzpolitik. Seine Arbeitsschwerpunkte liegen in Entwicklungen im Social Web, M\u00f6glichkeiten der Online-Partizipation und politischer Medienbildung.<\/div><\/div><\/div><\/div><\/div><\/div><\/div><\/div><\/div>[\/vc_column][\/vc_row][vc_row css=&#8221;.vc_custom_1699366505317{margin-top: 30px !important;margin-bottom: 20px !important;}&#8221;][vc_column][vc_column_text]<\/p>\n<h3>A PROJECT OF THE <a href=\"https:\/\/hidalgofestival.de\/en\/workshop\/\"><strong>HIDALGO WERKSTATT<\/strong><br \/>\n<\/a><\/h3>\n<p>[\/vc_column_text][\/vc_column][\/vc_row]<\/p>\n","protected":false},"excerpt":{"rendered":"<p>[vc_row full_width=&#8221;stretch_row&#8221; full_height=&#8221;yes&#8221; columns_placement=&#8221;top&#8221; content_placement=&#8221;bottom&#8221; background-position=&#8221;center-center&#8221; css=&#8221;.vc_custom_1699042424521{margin-bottom: 50px !important;background-image: url(https:\/\/hidalgofestival.de\/wp-content\/uploads\/2023\/11\/Hidalgo_visuals_adaptionen-24.jpeg?id=6299) !important;background-position: center !important;background-repeat: no-repeat !important;background-size: cover !important;}&#8221;][vc_column][vc_row_inner css=&#8221;.vc_custom_1699042433621{padding-top: 30px !important;}&#8221;][vc_column_inner][\/vc_column_inner][\/vc_row_inner][\/vc_column][\/vc_row][vc_row full_height=&#8221;yes&#8221; css=&#8221;.vc_custom_1699040277994{margin-top: 50px !important;margin-bottom: 20px !important;}&#8221; el_class=&#8221;narrow&#8221;][vc_column][vc_column_text] WHO ARE YOU &#8211; HIDALGO Workshop WORKSHOP AND FLASH MOB DURING SCHOOL BREAKS&#8230;<\/p>\n","protected":false},"author":2,"featured_media":0,"parent":7770,"menu_order":14,"comment_status":"closed","ping_status":"closed","template":"","meta":{"footnotes":""},"class_list":["post-7888","page","type-page","status-publish","hentry"],"yoast_head":"<!-- This site is optimized with the Yoast SEO plugin v27.2 - https:\/\/yoast.com\/product\/yoast-seo-wordpress\/ -->\n<title>Who Are You \u2013 HIDALGO Werkstatt<\/title>\n<meta name=\"description\" content=\"In the HIDALGO Werkstatt format WHO ARE YOU, students look at their online user behavior and create a music performance with AI.\" \/>\n<meta name=\"robots\" content=\"index, follow, max-snippet:-1, max-image-preview:large, max-video-preview:-1\" \/>\n<link rel=\"canonical\" href=\"https:\/\/hidalgofestival.de\/en\/workshop\/werkstatt-who-are-you\/\" \/>\n<meta property=\"og:locale\" content=\"en_US\" \/>\n<meta property=\"og:type\" content=\"article\" \/>\n<meta property=\"og:title\" content=\"Who Are You \u2013 HIDALGO Werkstatt\" \/>\n<meta property=\"og:description\" content=\"In the HIDALGO Werkstatt format WHO ARE YOU, students look at their online user behavior and create a music performance with AI.\" \/>\n<meta property=\"og:url\" content=\"https:\/\/hidalgofestival.de\/en\/workshop\/werkstatt-who-are-you\/\" \/>\n<meta property=\"og:site_name\" content=\"HIDALGO\" \/>\n<meta property=\"article:modified_time\" content=\"2025-01-27T13:59:12+00:00\" \/>\n<meta name=\"twitter:card\" content=\"summary_large_image\" \/>\n<meta name=\"twitter:label1\" content=\"Est. reading time\" \/>\n\t<meta name=\"twitter:data1\" content=\"4 minutes\" \/>\n<script type=\"application\/ld+json\" class=\"yoast-schema-graph\">{\"@context\":\"https:\/\/schema.org\",\"@graph\":[{\"@type\":\"WebPage\",\"@id\":\"https:\/\/hidalgofestival.de\/en\/workshop\/werkstatt-who-are-you\/\",\"url\":\"https:\/\/hidalgofestival.de\/en\/workshop\/werkstatt-who-are-you\/\",\"name\":\"Who Are You \u2013 HIDALGO Werkstatt\",\"isPartOf\":{\"@id\":\"https:\/\/hidalgofestival.de\/en\/#website\"},\"datePublished\":\"2023-11-03T19:57:15+00:00\",\"dateModified\":\"2025-01-27T13:59:12+00:00\",\"description\":\"In the HIDALGO Werkstatt format WHO ARE YOU, students look at their online user behavior and create a music performance with AI.\",\"breadcrumb\":{\"@id\":\"https:\/\/hidalgofestival.de\/en\/workshop\/werkstatt-who-are-you\/#breadcrumb\"},\"inLanguage\":\"en-US\",\"potentialAction\":[{\"@type\":\"ReadAction\",\"target\":[\"https:\/\/hidalgofestival.de\/en\/workshop\/werkstatt-who-are-you\/\"]}]},{\"@type\":\"BreadcrumbList\",\"@id\":\"https:\/\/hidalgofestival.de\/en\/workshop\/werkstatt-who-are-you\/#breadcrumb\",\"itemListElement\":[{\"@type\":\"ListItem\",\"position\":1,\"name\":\"Startseite\",\"item\":\"https:\/\/hidalgofestival.de\/en\/beispiel-seite\/\"},{\"@type\":\"ListItem\",\"position\":2,\"name\":\"Werkstatt\",\"item\":\"https:\/\/hidalgofestival.de\/en\/workshop\/\"},{\"@type\":\"ListItem\",\"position\":3,\"name\":\"Who are you (Workshop)\"}]},{\"@type\":\"WebSite\",\"@id\":\"https:\/\/hidalgofestival.de\/en\/#website\",\"url\":\"https:\/\/hidalgofestival.de\/en\/\",\"name\":\"HIDALGO\",\"description\":\"Festival f\u00fcr Junge Klassik\",\"potentialAction\":[{\"@type\":\"SearchAction\",\"target\":{\"@type\":\"EntryPoint\",\"urlTemplate\":\"https:\/\/hidalgofestival.de\/en\/?s={search_term_string}\"},\"query-input\":{\"@type\":\"PropertyValueSpecification\",\"valueRequired\":true,\"valueName\":\"search_term_string\"}}],\"inLanguage\":\"en-US\"}]}<\/script>\n<!-- \/ Yoast SEO plugin. -->","yoast_head_json":{"title":"Who Are You \u2013 HIDALGO Werkstatt","description":"In the HIDALGO Werkstatt format WHO ARE YOU, students look at their online user behavior and create a music performance with AI.","robots":{"index":"index","follow":"follow","max-snippet":"max-snippet:-1","max-image-preview":"max-image-preview:large","max-video-preview":"max-video-preview:-1"},"canonical":"https:\/\/hidalgofestival.de\/en\/workshop\/werkstatt-who-are-you\/","og_locale":"en_US","og_type":"article","og_title":"Who Are You \u2013 HIDALGO Werkstatt","og_description":"In the HIDALGO Werkstatt format WHO ARE YOU, students look at their online user behavior and create a music performance with AI.","og_url":"https:\/\/hidalgofestival.de\/en\/workshop\/werkstatt-who-are-you\/","og_site_name":"HIDALGO","article_modified_time":"2025-01-27T13:59:12+00:00","twitter_card":"summary_large_image","twitter_misc":{"Est. reading time":"4 minutes"},"schema":{"@context":"https:\/\/schema.org","@graph":[{"@type":"WebPage","@id":"https:\/\/hidalgofestival.de\/en\/workshop\/werkstatt-who-are-you\/","url":"https:\/\/hidalgofestival.de\/en\/workshop\/werkstatt-who-are-you\/","name":"Who Are You \u2013 HIDALGO Werkstatt","isPartOf":{"@id":"https:\/\/hidalgofestival.de\/en\/#website"},"datePublished":"2023-11-03T19:57:15+00:00","dateModified":"2025-01-27T13:59:12+00:00","description":"In the HIDALGO Werkstatt format WHO ARE YOU, students look at their online user behavior and create a music performance with AI.","breadcrumb":{"@id":"https:\/\/hidalgofestival.de\/en\/workshop\/werkstatt-who-are-you\/#breadcrumb"},"inLanguage":"en-US","potentialAction":[{"@type":"ReadAction","target":["https:\/\/hidalgofestival.de\/en\/workshop\/werkstatt-who-are-you\/"]}]},{"@type":"BreadcrumbList","@id":"https:\/\/hidalgofestival.de\/en\/workshop\/werkstatt-who-are-you\/#breadcrumb","itemListElement":[{"@type":"ListItem","position":1,"name":"Startseite","item":"https:\/\/hidalgofestival.de\/en\/beispiel-seite\/"},{"@type":"ListItem","position":2,"name":"Werkstatt","item":"https:\/\/hidalgofestival.de\/en\/workshop\/"},{"@type":"ListItem","position":3,"name":"Who are you (Workshop)"}]},{"@type":"WebSite","@id":"https:\/\/hidalgofestival.de\/en\/#website","url":"https:\/\/hidalgofestival.de\/en\/","name":"HIDALGO","description":"Festival f\u00fcr Junge Klassik","potentialAction":[{"@type":"SearchAction","target":{"@type":"EntryPoint","urlTemplate":"https:\/\/hidalgofestival.de\/en\/?s={search_term_string}"},"query-input":{"@type":"PropertyValueSpecification","valueRequired":true,"valueName":"search_term_string"}}],"inLanguage":"en-US"}]}},"_links":{"self":[{"href":"https:\/\/hidalgofestival.de\/en\/wp-json\/wp\/v2\/pages\/7888","targetHints":{"allow":["GET"]}}],"collection":[{"href":"https:\/\/hidalgofestival.de\/en\/wp-json\/wp\/v2\/pages"}],"about":[{"href":"https:\/\/hidalgofestival.de\/en\/wp-json\/wp\/v2\/types\/page"}],"author":[{"embeddable":true,"href":"https:\/\/hidalgofestival.de\/en\/wp-json\/wp\/v2\/users\/2"}],"replies":[{"embeddable":true,"href":"https:\/\/hidalgofestival.de\/en\/wp-json\/wp\/v2\/comments?post=7888"}],"version-history":[{"count":12,"href":"https:\/\/hidalgofestival.de\/en\/wp-json\/wp\/v2\/pages\/7888\/revisions"}],"predecessor-version":[{"id":9648,"href":"https:\/\/hidalgofestival.de\/en\/wp-json\/wp\/v2\/pages\/7888\/revisions\/9648"}],"up":[{"embeddable":true,"href":"https:\/\/hidalgofestival.de\/en\/wp-json\/wp\/v2\/pages\/7770"}],"wp:attachment":[{"href":"https:\/\/hidalgofestival.de\/en\/wp-json\/wp\/v2\/media?parent=7888"}],"curies":[{"name":"wp","href":"https:\/\/api.w.org\/{rel}","templated":true}]}}